{"id":442,"date":"2019-04-17T12:28:07","date_gmt":"2019-04-17T11:28:07","guid":{"rendered":"podlove-2019-04-15t09:53:39+00:00-f84ee0e9ba14408"},"modified":"2019-04-17T12:31:06","modified_gmt":"2019-04-17T11:31:06","slug":"mfdb049-erklaeren","status":"publish","type":"podcast","link":"https:\/\/www.kuechenstud.io\/mein-freund-der-baum\/mfdb049-erklaeren\/","title":{"rendered":"MFDB049 Erkl\u00e4ren"},"content":{"rendered":"\n<p>Viele Schriftsteller schreiben, um sich so die Welt zu erkl\u00e4ren, das trifft sicher auf das fulminante Romandeb\u00fct von Andrea Scrima zu, die in den Achtzigern und Neunzigern tagebuchartige Aufzeichnungen aus Kreuzberg und Brooklyn zu einem sehr besonderen Sprachkunstwerk zusammenf\u00fcgte und dar\u00fcber ihre eigentliche Kunst, die Malerei aufgab; nicht ganz so k\u00fcnstlerisch, daf\u00fcr aber mit viel Erkl\u00e4rungen nimmt uns Alex Capus mit an den Tanganijkasee im Ersten Weltkrieg, dabei l\u00e4sst er seinen naiv-kolonialen Blick leider nicht zu Hause und betreibt Whitemansplaining in Deutsch-Ostafrika; ein weiteres Buch besch\u00e4ftigt sich mit Frageb\u00f6gen zur Person, die den Befragten erkl\u00e4ren k\u00f6nnen so wie die Fragenden; viel erkl\u00e4ren muss mutma\u00dflich Takis W\u00fcrger, nachdem sein Verr\u00e4terinnenroman alle nur m\u00f6glichen Missverst\u00e4ndnisse hervorgerufen hat, dies vielleicht aber nicht ungewollt. Wir haben das Buch jedenfalls nicht gelesen, dar\u00fcber sprechen k\u00f6nnen wir auch so. Am Ende rei\u00dft der W\u00f6rter- und Gedankenstrom ab, weil der Speicher voll ist, wer kann das heute noch von sich sagen. Ein B\u00fccherradio voller Fragen und Fragen. Das war ein gro\u00dfer Spa\u00df!<\/p>\n\n\n\n<p>1.) <a rel=\"noreferrer noopener\" aria-label=\"Andrea Scrima - Wie viele Tage (\u00f6ffnet in neuem Tab)\" href=\"https:\/\/www.amazon.de\/gp\/product\/3990590138\/ref=as_li_qf_asin_il_tl?ie=UTF8&amp;tag=kuechenradioo-21&amp;creative=6742&amp;linkCode=as2&amp;creativeASIN=3990590138&amp;linkId=d1086b9e48dfc0298b5187a7d028e44f\" target=\"_blank\">Andrea Scrima &#8211; Wie viele Tage<\/a><br> 2.) <a rel=\"noreferrer noopener\" aria-label=\"Alex Capus - Eine Frage der Zeit (\u00f6ffnet in neuem Tab)\" href=\"https:\/\/www.amazon.de\/gp\/product\/344273911X\/ref=as_li_qf_asin_il_tl?ie=UTF8&amp;tag=kuechenradioo-21&amp;creative=6742&amp;linkCode=as2&amp;creativeASIN=344273911X&amp;linkId=64539b91ad4b1db4e6912093ffc97e5e\" target=\"_blank\">Alex Capus &#8211; Eine Frage der Zeit<\/a><br> 3.)  <a rel=\"noreferrer noopener\" aria-label=\"Gisela Schmalz: Das kleine Buch der gro\u00dfen Fragen (\u00f6ffnet in neuem Tab)\" href=\"https:\/\/www.amazon.de\/gp\/product\/3442159717\/ref=as_li_qf_asin_il_tl?ie=UTF8&amp;tag=kuechenradioo-21&amp;creative=6742&amp;linkCode=as2&amp;creativeASIN=3442159717&amp;linkId=bb91f7e16de1cf4f1760f536c17459ee\" target=\"_blank\">Gisela Schmalz: Das kleine Buch der gro\u00dfen Fragen<\/a><br> 4.) <a href=\"https:\/\/www.amazon.de\/gp\/product\/3446259937\/ref=as_li_qf_asin_il_tl?ie=UTF8&amp;tag=kuechenradioo-21&amp;creative=6742&amp;linkCode=as2&amp;creativeASIN=3446259937&amp;linkId=677c7320690112388ebfbc205a98b260\" target=\"_blank\" rel=\"noreferrer noopener\" aria-label=\"Takis W\u00fcrger: Stella (\u00f6ffnet in neuem Tab)\">Takis W\u00fcrger: Stella<\/a><\/p>\n\n\n\n<p><br><br><\/p>\n","protected":false},"author":4,"featured_media":0,"comment_status":"open","ping_status":"open","template":"","meta":{"_acf_changed":false,"footnotes":""},"tags":[],"class_list":["post-442","podcast","type-podcast","status-publish","hentry","post"],"acf":[],"_links":{"self":[{"href":"https:\/\/www.kuechenstud.io\/mein-freund-der-baum\/wp-json\/wp\/v2\/episodes\/442","targetHints":{"allow":["GET"]}}],"collection":[{"href":"https:\/\/www.kuechenstud.io\/mein-freund-der-baum\/wp-json\/wp\/v2\/episodes"}],"about":[{"href":"https:\/\/www.kuechenstud.io\/mein-freund-der-baum\/wp-json\/wp\/v2\/types\/podcast"}],"author":[{"embeddable":true,"href":"https:\/\/www.kuechenstud.io\/mein-freund-der-baum\/wp-json\/wp\/v2\/users\/4"}],"replies":[{"embeddable":true,"href":"https:\/\/www.kuechenstud.io\/mein-freund-der-baum\/wp-json\/wp\/v2\/comments?post=442"}],"version-history":[{"count":3,"href":"https:\/\/www.kuechenstud.io\/mein-freund-der-baum\/wp-json\/wp\/v2\/episodes\/442\/revisions"}],"predecessor-version":[{"id":447,"href":"https:\/\/www.kuechenstud.io\/mein-freund-der-baum\/wp-json\/wp\/v2\/episodes\/442\/revisions\/447"}],"wp:attachment":[{"href":"https:\/\/www.kuechenstud.io\/mein-freund-der-baum\/wp-json\/wp\/v2\/media?parent=442"}],"wp:term":[{"taxonomy":"post_tag","embeddable":true,"href":"https:\/\/www.kuechenstud.io\/mein-freund-der-baum\/wp-json\/wp\/v2\/tags?post=442"}],"curies":[{"name":"wp","href":"https:\/\/api.w.org\/{rel}","templated":true}]}}