{"id":311,"date":"2016-02-18T16:50:28","date_gmt":"2016-02-18T15:50:28","guid":{"rendered":"podlove-2016-02-18t15:31:39+00:00-25cf817994a507b"},"modified":"2016-02-20T10:51:34","modified_gmt":"2016-02-20T09:51:34","slug":"mfdb035-nirwana","status":"publish","type":"podcast","link":"https:\/\/www.kuechenstud.io\/mein-freund-der-baum\/mfdb035-nirwana\/","title":{"rendered":"MFDB035 Nirwana"},"content":{"rendered":"<p>Wo w\u00e4ren wir ohne die Tugend der K\u00fcrze in Wort und Schrift? Wahrscheinlich immer noch in einer Sitzung, am K\u00fcchentisch oder an der Theke, in jedem Falle aber nicht gl\u00fccklicher, sondern ausgebrannt und leer. Die Autoren, denen es gelingt, sich kurz zu fassen, gilt daher unsere ganze Anerkennung. Adam Johnson hat die kurze Form zu einer Bl\u00fcte getrieben, die uns fasziniert, fast schon ein bisschen erschrocken hat, Umberto Eco h\u00e4tte lieber k\u00fcrzer sein sollen. Und w\u00e4hrend das literarische Berlin im Gr\u00fcnen Salon noch \u00fcber Romane (lang) und Tweeds (kurz) verhandelt, sind sich die Verlage sicher, dass ein Buch \u00fcber 200 Seiten fast unverk\u00e4uflich ist: Eine Stunde Zweiundzwanzig Plaudern \u00fcber B\u00fccher mit Andrea Frey und Andreas Baum und folgenden vier:<\/p>\n<p>1.) <a href=\"http:\/\/www.amazon.de\/gp\/product\/3518425005\/ref=as_li_qf_sp_asin_il_tl?ie=UTF8&amp;camp=1638&amp;creative=6742&amp;creativeASIN=3518425005&amp;linkCode=as2&amp;tag=kuechenradioo-21\" target=\"_blank\">Adam Johnson: Nirvana<\/a><br \/>\n2.) <a href=\"http:\/\/www.amazon.de\/gp\/product\/3423252812\/ref=as_li_qf_sp_asin_il_tl?ie=UTF8&amp;camp=1638&amp;creative=6742&amp;creativeASIN=3423252812&amp;linkCode=as2&amp;tag=kuechenradioo-21\" target=\"_blank\">Otfried Preu\u00dfler: Krabat<\/a><br \/>\n3.) <a href=\"http:\/\/www.amazon.de\/gp\/product\/3800051869\/ref=as_li_qf_sp_asin_il_tl?ie=UTF8&amp;camp=1638&amp;creative=6742&amp;creativeASIN=3800051869&amp;linkCode=as2&amp;tag=kuechenradioo-21\" target=\"_blank\">Clive S Lewis: Die Chroniken von Narnia<\/a><br \/>\n4.) <a href=\"http:\/\/www.amazon.de\/gp\/product\/3446249397\/ref=as_li_qf_sp_asin_il_tl?ie=UTF8&amp;camp=1638&amp;creative=6742&amp;creativeASIN=3446249397&amp;linkCode=as2&amp;tag=kuechenradioo-21\" target=\"_blank\">Umberto Eco: Nullnummer<\/a><\/p>\n<p>Das war ein gro\u00dfer Spa\u00df!<\/p>\n","protected":false},"author":4,"featured_media":0,"comment_status":"open","ping_status":"open","template":"","meta":{"_acf_changed":false,"footnotes":""},"tags":[],"class_list":["post-311","podcast","type-podcast","status-publish","hentry","post"],"acf":[],"_links":{"self":[{"href":"https:\/\/www.kuechenstud.io\/mein-freund-der-baum\/wp-json\/wp\/v2\/episodes\/311","targetHints":{"allow":["GET"]}}],"collection":[{"href":"https:\/\/www.kuechenstud.io\/mein-freund-der-baum\/wp-json\/wp\/v2\/episodes"}],"about":[{"href":"https:\/\/www.kuechenstud.io\/mein-freund-der-baum\/wp-json\/wp\/v2\/types\/podcast"}],"author":[{"embeddable":true,"href":"https:\/\/www.kuechenstud.io\/mein-freund-der-baum\/wp-json\/wp\/v2\/users\/4"}],"replies":[{"embeddable":true,"href":"https:\/\/www.kuechenstud.io\/mein-freund-der-baum\/wp-json\/wp\/v2\/comments?post=311"}],"version-history":[{"count":6,"href":"https:\/\/www.kuechenstud.io\/mein-freund-der-baum\/wp-json\/wp\/v2\/episodes\/311\/revisions"}],"predecessor-version":[{"id":317,"href":"https:\/\/www.kuechenstud.io\/mein-freund-der-baum\/wp-json\/wp\/v2\/episodes\/311\/revisions\/317"}],"wp:attachment":[{"href":"https:\/\/www.kuechenstud.io\/mein-freund-der-baum\/wp-json\/wp\/v2\/media?parent=311"}],"wp:term":[{"taxonomy":"post_tag","embeddable":true,"href":"https:\/\/www.kuechenstud.io\/mein-freund-der-baum\/wp-json\/wp\/v2\/tags?post=311"}],"curies":[{"name":"wp","href":"https:\/\/api.w.org\/{rel}","templated":true}]}}