{"id":429,"date":"2011-08-28T19:45:44","date_gmt":"2011-08-28T17:45:44","guid":{"rendered":"http:\/\/medienradio.org\/mr\/?p=429"},"modified":"2012-02-22T19:37:40","modified_gmt":"2012-02-22T17:37:40","slug":"mr048-wikimedia","status":"publish","type":"podcast","link":"https:\/\/www.kuechenstud.io\/medienradio\/podcast\/mr048-wikimedia\/","title":{"rendered":"DI048 Wikimedia"},"content":{"rendered":"<p>Jan Engelmann ist kein aktiver Wikipedia-Autor, aber <a href=\"http:\/\/blog.wikimedia.de\/2011\/06\/07\/ein-neuer-mitarbeiter-jan-engelmann-leitet-den-bereich-politik-gesellschaft\/\">seit kurzem<\/a> beim <a href=\"http:\/\/wikimedia.de\">Wikimedia e.V.<\/a>, dem Verein, der die deutsche Wikipedia organisiert, zust\u00e4ndig f\u00fcrs Lobbying. Wir bereden mit ihm, was das bedeutet, welche Themen er beackert und wie er das konkret macht. Inspirierend: \u00d6ffentlich-rechtliche Sender sollten Inhalte nicht nur unter CC ver\u00f6ffentlichen, sondern auch kommerzielle Nutzung erlauben &#8211; also auch f\u00fcr SAT.1 und Podcaster \ud83d\ude09 Nat\u00fcrlich sprechen wir auch \u00fcber einige aktuelle Probleme der (deutschen) Wikipedia wie Autorenschwund, Inkludisten vs. Exkludisten, WYSIWYG-Editor.<\/p>\n<p><a href=\"http:\/\/wikimedia.de\">Wikimedia e.V.<\/a><br \/>\n<a href=\"http:\/\/www.txt.de\/bollmann\/\">Bollmann Verlag<\/a><br \/>\n<a href=\"http:\/\/www.boell.de\/\">B\u00f6ll Stiftung<\/a><br \/>\n<a href=\"http:\/\/www.heise.de\/tp\/\">Telepolis<\/a><br \/>\n<a href=\"http:\/\/de.wikipedia.org\/wiki\/Geert_Lovink\">Geert Lovink<\/a><br \/>\n<a href=\"http:\/\/de-bug.de\/\">De:Bug<\/a><br \/>\n<a href=\"http:\/\/de.wikipedia.org\/wiki\/Konr@d\">Konr@d<\/a><br \/>\n<a href=\"http:\/\/wikimediafoundation.org\/wiki\/Home\">Wikimedia Foundation<\/a><br \/>\n<a href=\"http:\/\/digitalegesellschaft.de\/\">Digitale Gesellschaft e.V.<\/a><br \/>\n<a href=\"http:\/\/mathias-schindler.de\/\">Mathias Schindler<\/a><br \/>\n<a href=\"http:\/\/wikimedia.de\/wiki\/Ideenwettbewerb\">Ideenwettbewerb WissensWert<\/a><br \/>\n<a href=\"http:\/\/okfn.org\/\">Open Knowledge Foundation<\/a><br \/>\n<a href=\"http:\/\/hv.spk-berlin.de\/deutsch\/index.php\">Stiftung Preu\u00dfischer Kulturbesitz<\/a><br \/>\n<a href=\"http:\/\/www.bundesarchiv.de\/index.html.de\">Bundesarchiv<\/a><br \/>\n<a href=\"http:\/\/www.communicatingthemuseum.com\/2011\/\">Communicating the Museum 2011<\/a><br \/>\n<a href=\"http:\/\/blog.wikimedia.org\/tag\/liam-wyatt\/\">Lyam Wyatt<\/a><br \/>\n<a href=\"http:\/\/www.bmj.de\/DE\/Home\/_node.html\">Bundesjustizministerium<\/a><br \/>\n<a href=\"http:\/\/medienradio.org\/mr\/mr047-ngo-und-soziale-medien\/\">MR047 Medienradio mit Paula Hannemann, WWF<\/a><br \/>\n<a href=\"http:\/\/de.creativecommons.org\/\">Creative Commons<\/a><br \/>\n<a href=\"http:\/\/collaboratory.de\/\">Collaboratory<\/a><br \/>\n<a href=\"http:\/\/commons.wikimedia.org\/wiki\/Hauptseite\">Wikimedia Commons<\/a><br \/>\n<a href=\"http:\/\/notes.computernotizen.de\/2011\/08\/24\/wikipedia-ist-keine-demokratie\/\">Kritik von Torsten Kleinz an der Wikipedia<\/a> <\/p>\n","protected":false},"author":1,"featured_media":0,"comment_status":"open","ping_status":"open","template":"","meta":{"_acf_changed":false,"footnotes":""},"tags":[],"class_list":["post-429","podcast","type-podcast","status-publish","hentry","post"],"acf":[],"jetpack_sharing_enabled":true,"_links":{"self":[{"href":"https:\/\/www.kuechenstud.io\/medienradio\/wp-json\/wp\/v2\/episodes\/429","targetHints":{"allow":["GET"]}}],"collection":[{"href":"https:\/\/www.kuechenstud.io\/medienradio\/wp-json\/wp\/v2\/episodes"}],"about":[{"href":"https:\/\/www.kuechenstud.io\/medienradio\/wp-json\/wp\/v2\/types\/podcast"}],"author":[{"embeddable":true,"href":"https:\/\/www.kuechenstud.io\/medienradio\/wp-json\/wp\/v2\/users\/1"}],"replies":[{"embeddable":true,"href":"https:\/\/www.kuechenstud.io\/medienradio\/wp-json\/wp\/v2\/comments?post=429"}],"version-history":[{"count":5,"href":"https:\/\/www.kuechenstud.io\/medienradio\/wp-json\/wp\/v2\/episodes\/429\/revisions"}],"predecessor-version":[{"id":524,"href":"https:\/\/www.kuechenstud.io\/medienradio\/wp-json\/wp\/v2\/episodes\/429\/revisions\/524"}],"wp:attachment":[{"href":"https:\/\/www.kuechenstud.io\/medienradio\/wp-json\/wp\/v2\/media?parent=429"}],"wp:term":[{"taxonomy":"post_tag","embeddable":true,"href":"https:\/\/www.kuechenstud.io\/medienradio\/wp-json\/wp\/v2\/tags?post=429"}],"curies":[{"name":"wp","href":"https:\/\/api.w.org\/{rel}","templated":true}]}}