{"id":633,"date":"2010-03-29T23:23:02","date_gmt":"2010-03-29T21:23:02","guid":{"rendered":"http:\/\/www.kuechenradio.org\/wp\/?p=633"},"modified":"2010-03-29T23:36:38","modified_gmt":"2010-03-29T21:36:38","slug":"kr254-wikileaks-island-edition","status":"publish","type":"podcast","link":"https:\/\/www.kuechenstud.io\/kuechenradio\/episode\/kr254-wikileaks-island-edition\/","title":{"rendered":"KR254 Wikileaks (Island Edition)"},"content":{"rendered":"<p><img decoding=\"async\" src=\"https:\/\/www.kuechenstud.io\/kuechenradio\/files\/wikileaks2.jpg\" alt=\"Daniel Schmitt, Wikileaks.org\" \/><\/p>\n<p>Aus aktuellem Anlass mal wieder Zeit f\u00fcr ein ausf\u00fchrliches Update. Daniel Schmitt aus dem Kernteam von <a href=\"http:\/\/Wikileaks.org\">Wikileaks.org<\/a> berichtet \u00fcber die st\u00fcrmische Zeit f\u00fcr das Projekt zwischen Herbst 2009 und heute: Genese der <a href=\"http:\/\/immi.is\/?l=en\">Icelandic Modern Media Initiative<\/a>, einem Versuch, Island zum sicheren Hafen f\u00fcr Informationen, Informanten und Informierte zu machen. Daniel referiert den Stand dieses Gesetzespakets. <\/p>\n<p>Nat\u00fcrlich geht es auch um die <a href=\"http:\/\/philipbanse.de\/wp\/wikileaks-klagt-uber-spying-originaltext\/\">j\u00fcngsten Klagen der Wikileaks-Macher<\/a> \u00fcber Nachstellungen unbekannter M\u00e4chte. Dabei geht es auch um die Aussagen eines 17j\u00e4hrigen Wikileaks-Unterst\u00fctzers, der von der isl\u00e4ndischen Polizei vernommen wurde. In diesem Punkt tauchten kurz nach der Aufnahme neue Hinweise auf, die nahe legen, dass die Geschichte etwas anders abgelaufen sein k\u00f6nnte, als von Daniel geschildert. Es ist vieles unklar und er war halt nicht dabei. F\u00fcr Updates folgt Wikileaks <a href=\"http:\/\/twitter.com\/wikileaks\">auf Twitter<\/a>.  <\/p>\n<p>Daniel k\u00fcndigt an, dass Wikileaks demn\u00e4chst rund 37.000 interne NPD-Emails aus den letzten Jahren ver\u00f6ffentlichen wird &#8211; Gelegenheit, um noch mal Wikileaks\u00b4 wunden Punkt anzusprechen: Die redaktionelle Kontrolle. Inwieweit tr\u00e4gt Wikileaks Verantwortung f\u00fcr die Folgen einer Ver\u00f6ffentlichung? Wie stehen die Macher zur G\u00fcterabw\u00e4gung zwischen \u00f6ffentlichem Interesse und den Pers\u00f6nlichkeitsrechten unbeteiligter Dritter? Das war auch schon ausf\u00fchrlich Thema bei <a href=\"http:\/\/www.kuechenradio.org\/wp\/?p=366\">Daniels erstem Besuch im K\u00fcchenradio<\/a>. Heute wirft er noch ein neues, bedenkenswertes Argument auf die HD und klagt \u00fcber die Medien &#8211; nat\u00fcrlich kriegen wir die Kurve zu einem hoffnungsvollen Ausblick. Spender f\u00fcr Wikileaks bitte <a href=\"https:\/\/secure.wikileaks.org\/\">hier entlang<\/a>.<\/p>\n","protected":false},"author":1,"featured_media":1623,"comment_status":"open","ping_status":"open","template":"","meta":{"_acf_changed":false,"footnotes":""},"tags":[],"class_list":["post-633","podcast","type-podcast","status-publish","has-post-thumbnail","hentry","post"],"acf":[],"_links":{"self":[{"href":"https:\/\/www.kuechenstud.io\/kuechenradio\/wp-json\/wp\/v2\/episodes\/633","targetHints":{"allow":["GET"]}}],"collection":[{"href":"https:\/\/www.kuechenstud.io\/kuechenradio\/wp-json\/wp\/v2\/episodes"}],"about":[{"href":"https:\/\/www.kuechenstud.io\/kuechenradio\/wp-json\/wp\/v2\/types\/podcast"}],"author":[{"embeddable":true,"href":"https:\/\/www.kuechenstud.io\/kuechenradio\/wp-json\/wp\/v2\/users\/1"}],"replies":[{"embeddable":true,"href":"https:\/\/www.kuechenstud.io\/kuechenradio\/wp-json\/wp\/v2\/comments?post=633"}],"version-history":[{"count":10,"href":"https:\/\/www.kuechenstud.io\/kuechenradio\/wp-json\/wp\/v2\/episodes\/633\/revisions"}],"predecessor-version":[{"id":643,"href":"https:\/\/www.kuechenstud.io\/kuechenradio\/wp-json\/wp\/v2\/episodes\/633\/revisions\/643"}],"wp:featuredmedia":[{"embeddable":true,"href":"https:\/\/www.kuechenstud.io\/kuechenradio\/wp-json\/wp\/v2\/media\/1623"}],"wp:attachment":[{"href":"https:\/\/www.kuechenstud.io\/kuechenradio\/wp-json\/wp\/v2\/media?parent=633"}],"wp:term":[{"taxonomy":"post_tag","embeddable":true,"href":"https:\/\/www.kuechenstud.io\/kuechenradio\/wp-json\/wp\/v2\/tags?post=633"}],"curies":[{"name":"wp","href":"https:\/\/api.w.org\/{rel}","templated":true}]}}