{"id":282,"date":"2008-07-17T08:30:28","date_gmt":"2008-07-17T06:30:28","guid":{"rendered":"http:\/\/www.kuechenradio.org\/wp\/?p=282"},"modified":"2008-07-17T08:30:28","modified_gmt":"2008-07-17T06:30:28","slug":"kr_169-andreas-murkudis","status":"publish","type":"podcast","link":"https:\/\/www.kuechenstud.io\/kuechenradio\/episode\/kr_169-andreas-murkudis\/","title":{"rendered":"KR_169 &#8211; Andreas Murkudis"},"content":{"rendered":"<p><a href=\"http:\/\/www.andreasmurkudis.net\/\">Andreas Murkudis<\/a>, Kurator der sch\u00f6nen Dinge, Kurator des <a href=\"http:\/\/www.museumderdinge.de\/stand_der_dinge\/neuigkeiten_archiv\/\">Museums der Dinge<\/a>, empf\u00e4ngt Cindy und Katja in seinem intimen Laden zwischen M\u00f6beln und Schneidebrettern, zwischen Dingen, die er sch\u00f6n findet. Der J\u00fcnger der Ware berichtet auch \u00fcber seine Eltern, einst Kommunisten in Griechenland.<\/p>\n","protected":false},"author":1,"featured_media":0,"comment_status":"open","ping_status":"open","template":"","meta":{"_acf_changed":false,"footnotes":""},"tags":[],"class_list":["post-282","podcast","type-podcast","status-publish","hentry","post"],"acf":[],"_links":{"self":[{"href":"https:\/\/www.kuechenstud.io\/kuechenradio\/wp-json\/wp\/v2\/episodes\/282","targetHints":{"allow":["GET"]}}],"collection":[{"href":"https:\/\/www.kuechenstud.io\/kuechenradio\/wp-json\/wp\/v2\/episodes"}],"about":[{"href":"https:\/\/www.kuechenstud.io\/kuechenradio\/wp-json\/wp\/v2\/types\/podcast"}],"author":[{"embeddable":true,"href":"https:\/\/www.kuechenstud.io\/kuechenradio\/wp-json\/wp\/v2\/users\/1"}],"replies":[{"embeddable":true,"href":"https:\/\/www.kuechenstud.io\/kuechenradio\/wp-json\/wp\/v2\/comments?post=282"}],"version-history":[{"count":0,"href":"https:\/\/www.kuechenstud.io\/kuechenradio\/wp-json\/wp\/v2\/episodes\/282\/revisions"}],"wp:attachment":[{"href":"https:\/\/www.kuechenstud.io\/kuechenradio\/wp-json\/wp\/v2\/media?parent=282"}],"wp:term":[{"taxonomy":"post_tag","embeddable":true,"href":"https:\/\/www.kuechenstud.io\/kuechenradio\/wp-json\/wp\/v2\/tags?post=282"}],"curies":[{"name":"wp","href":"https:\/\/api.w.org\/{rel}","templated":true}]}}