{"id":185,"date":"2007-06-21T15:39:49","date_gmt":"2007-06-21T13:39:49","guid":{"rendered":"http:\/\/www.kuechenradio.org\/wp\/?p=185"},"modified":"2007-06-23T18:02:20","modified_gmt":"2007-06-23T16:02:20","slug":"kr_107-nationalgalerie","status":"publish","type":"podcast","link":"https:\/\/www.kuechenstud.io\/kuechenradio\/episode\/kr_107-nationalgalerie\/","title":{"rendered":"KR_107 &#8211; Nationalgalerie"},"content":{"rendered":"<p>Kuechenradio heute in der Hollywoodschaukel neben der Neuen Nationalgalerie (Leider haben wir kein Foto gemacht&#8230;). Es geht &#8211; wie der Ort nahelegt &#8211; um Kunst, sthetik und Bewusstseinserweiterung. Auf die Frage, ob die sch\u00f6nsten Franzosen tats\u00e4chlich aus New York kommen, finden wir keine Antwort. Daf\u00fcr gibt es hautnahe Kunsterlebnisse von Cindy und Onkel Andi. Klare Aussagen zur Brusthaardebatte und Spekulationen zu einem Pferdebet\u00e4ubungsmittel, das derzeit Berlins Partyszene lahmlegt.<\/p>\n","protected":false},"author":1,"featured_media":0,"comment_status":"open","ping_status":"open","template":"","meta":{"_acf_changed":false,"footnotes":""},"tags":[],"class_list":["post-185","podcast","type-podcast","status-publish","hentry","post"],"acf":[],"_links":{"self":[{"href":"https:\/\/www.kuechenstud.io\/kuechenradio\/wp-json\/wp\/v2\/episodes\/185","targetHints":{"allow":["GET"]}}],"collection":[{"href":"https:\/\/www.kuechenstud.io\/kuechenradio\/wp-json\/wp\/v2\/episodes"}],"about":[{"href":"https:\/\/www.kuechenstud.io\/kuechenradio\/wp-json\/wp\/v2\/types\/podcast"}],"author":[{"embeddable":true,"href":"https:\/\/www.kuechenstud.io\/kuechenradio\/wp-json\/wp\/v2\/users\/1"}],"replies":[{"embeddable":true,"href":"https:\/\/www.kuechenstud.io\/kuechenradio\/wp-json\/wp\/v2\/comments?post=185"}],"version-history":[{"count":0,"href":"https:\/\/www.kuechenstud.io\/kuechenradio\/wp-json\/wp\/v2\/episodes\/185\/revisions"}],"wp:attachment":[{"href":"https:\/\/www.kuechenstud.io\/kuechenradio\/wp-json\/wp\/v2\/media?parent=185"}],"wp:term":[{"taxonomy":"post_tag","embeddable":true,"href":"https:\/\/www.kuechenstud.io\/kuechenradio\/wp-json\/wp\/v2\/tags?post=185"}],"curies":[{"name":"wp","href":"https:\/\/api.w.org\/{rel}","templated":true}]}}