{"id":153,"date":"2007-03-06T23:14:21","date_gmt":"2007-03-06T22:14:21","guid":{"rendered":"http:\/\/www.kuechenradio.org\/wp\/?p=153"},"modified":"2007-03-06T23:14:21","modified_gmt":"2007-03-06T22:14:21","slug":"kr_091-boxenstopp","status":"publish","type":"podcast","link":"https:\/\/www.kuechenstud.io\/kuechenradio\/episode\/kr_091-boxenstopp\/","title":{"rendered":"KR_091 &#8211; Boxenstopp"},"content":{"rendered":"<p>Steffan Schanzenb\u00e4cher provoziert jugendliche Straft\u00e4ter. Im K\u00fcchenradio sagt er, wie das geht, wozu es gut ist und was passiert, wenn es schief geht. Cindy kommt zu sp\u00e4t und verpasst so die wesentlichen Fakten zu Stefans anti-Aggressions-Projekt <a href=\"http:\/\/www.boxenstopp.org\/start.htm\">Boxenstopp<\/a>.<\/p>\n","protected":false},"author":1,"featured_media":0,"comment_status":"open","ping_status":"open","template":"","meta":{"_acf_changed":false,"footnotes":""},"tags":[],"class_list":["post-153","podcast","type-podcast","status-publish","hentry","post"],"acf":[],"_links":{"self":[{"href":"https:\/\/www.kuechenstud.io\/kuechenradio\/wp-json\/wp\/v2\/episodes\/153","targetHints":{"allow":["GET"]}}],"collection":[{"href":"https:\/\/www.kuechenstud.io\/kuechenradio\/wp-json\/wp\/v2\/episodes"}],"about":[{"href":"https:\/\/www.kuechenstud.io\/kuechenradio\/wp-json\/wp\/v2\/types\/podcast"}],"author":[{"embeddable":true,"href":"https:\/\/www.kuechenstud.io\/kuechenradio\/wp-json\/wp\/v2\/users\/1"}],"replies":[{"embeddable":true,"href":"https:\/\/www.kuechenstud.io\/kuechenradio\/wp-json\/wp\/v2\/comments?post=153"}],"version-history":[{"count":0,"href":"https:\/\/www.kuechenstud.io\/kuechenradio\/wp-json\/wp\/v2\/episodes\/153\/revisions"}],"wp:attachment":[{"href":"https:\/\/www.kuechenstud.io\/kuechenradio\/wp-json\/wp\/v2\/media?parent=153"}],"wp:term":[{"taxonomy":"post_tag","embeddable":true,"href":"https:\/\/www.kuechenstud.io\/kuechenradio\/wp-json\/wp\/v2\/tags?post=153"}],"curies":[{"name":"wp","href":"https:\/\/api.w.org\/{rel}","templated":true}]}}